  {"id":8759,"date":"2021-06-18T13:26:23","date_gmt":"2021-06-18T11:26:23","guid":{"rendered":"http:\/\/www.iesabadinobhi.com\/?page_id=8759"},"modified":"2021-06-21T11:27:07","modified_gmt":"2021-06-21T09:27:07","slug":"actualidad","status":"publish","type":"page","link":"https:\/\/www.iesabadinobhi.com\/es\/actualidad\/","title":{"rendered":"Noticias"},"content":{"rendered":"\t\t<div data-elementor-type=\"wp-post\" data-elementor-id=\"8759\" class=\"elementor elementor-8759\" data-elementor-settings=\"[]\">\n\t\t\t\t\t\t<div class=\"elementor-inner\">\n\t\t\t\t\t\t\t<div class=\"elementor-section-wrap\">\n\t\t\t\t\t\t\t<section class=\"elementor-section elementor-top-section elementor-element elementor-element-514344ac elementor-section-stretched elementor-section-boxed elementor-section-height-default elementor-section-height-default\" data-id=\"514344ac\" data-element_type=\"section\" data-settings=\"{&quot;background_background&quot;:&quot;gradient&quot;,&quot;stretch_section&quot;:&quot;section-stretched&quot;}\">\n\t\t\t\t\t\t<div class=\"elementor-container elementor-column-gap-default\">\n\t\t\t\t\t\t\t<div class=\"elementor-row\">\n\t\t\t\t\t<div class=\"elementor-column elementor-col-100 elementor-top-column elementor-element elementor-element-4f2e47a1\" data-id=\"4f2e47a1\" data-element_type=\"column\">\n\t\t\t<div class=\"elementor-column-wrap elementor-element-populated\">\n\t\t\t\t\t\t\t<div class=\"elementor-widget-wrap\">\n\t\t\t\t\t\t<div class=\"elementor-element elementor-element-38d7794 elementor-widget elementor-widget-text-editor\" data-id=\"38d7794\" data-element_type=\"widget\" data-widget_type=\"text-editor.default\">\n\t\t\t\t<div class=\"elementor-widget-container\">\n\t\t\t\t\t<div class=\"elementor-text-editor elementor-clearfix\"><p><div class=\"pt-cv-wrapper\"><div class=\"pt-cv-view pt-cv-grid pt-cv-colsys\" id=\"pt-cv-view-fa5ec4e45l\"><div data-id=\"pt-cv-page-1\" class=\"pt-cv-page\" data-cvc=\"3\"><div class=\"col-md-4 col-sm-6 col-xs-12 pt-cv-content-item pt-cv-1-col\" ><div class='pt-cv-ifield'><a href=\"https:\/\/www.iesabadinobhi.com\/es\/presentacion-de-los-proyectos-de-tecnologia-del-alumnado\/\" class=\"_self pt-cv-href-thumbnail pt-cv-thumb-default\" target=\"_self\" ><img loading=\"lazy\" decoding=\"async\" width=\"800\" height=\"500\" src=\"https:\/\/www.iesabadinobhi.com\/wp-content\/uploads\/2026\/04\/teknologia_proiektua_03-800x500.jpg\" class=\"pt-cv-thumbnail\" alt=\"TEKNOLOGIAKO IKASLEEN PROIEKTUEN AURKEZPENA\" srcset=\"https:\/\/www.iesabadinobhi.com\/wp-content\/uploads\/2026\/04\/teknologia_proiektua_03-800x500.jpg 800w, https:\/\/www.iesabadinobhi.com\/wp-content\/uploads\/2026\/04\/teknologia_proiektua_03-400x250.jpg 400w\" sizes=\"auto, (max-width: 800px) 100vw, 800px\" \/><\/a>\n<h3 class=\"pt-cv-title\"><a href=\"https:\/\/www.iesabadinobhi.com\/es\/presentacion-de-los-proyectos-de-tecnologia-del-alumnado\/\" class=\"_self\" target=\"_self\" >PRESENTACI\u00d3N DE LOS PROYECTOS DE TECNOLOG\u00cdA DEL ALUMNADO<\/a><\/h3>\n<div class=\"pt-cv-content\">El 20 de abril se hizo la presentaci\u00f3n de los proyectos de Tecnolog\u00eda del alumnado &#8230;<br \/><div class=\"pt-cv-rmwrap\"><a href=\"https:\/\/www.iesabadinobhi.com\/es\/presentacion-de-los-proyectos-de-tecnologia-del-alumnado\/\" class=\"_self pt-cv-readmore btn btn-success\" target=\"_self\">Leer m\u00e1s \u00bb<\/a><\/div><\/div>\n<div class=\"pt-cv-meta-fields\"><span class=\"entry-date\"> <time datetime=\"2026-04-21T14:38:24+02:00\">21 de abril de 2026<\/time><\/span><\/div><\/div><\/div>\n<div class=\"col-md-4 col-sm-6 col-xs-12 pt-cv-content-item pt-cv-1-col\" ><div class='pt-cv-ifield'><a href=\"https:\/\/www.iesabadinobhi.com\/es\/korrika-txikia-en-el-instituto-abadino-euskara-gara\/\" class=\"_self pt-cv-href-thumbnail pt-cv-thumb-default\" target=\"_self\" ><img loading=\"lazy\" decoding=\"async\" width=\"800\" height=\"500\" src=\"https:\/\/www.iesabadinobhi.com\/wp-content\/uploads\/2026\/03\/korrika_2026_08_thumb-800x500.jpg\" class=\"pt-cv-thumbnail\" alt=\"KORRIKA TXIKIA ABADI\u00d1O INSTITUTUAN. EUSKARA GARA!\" srcset=\"https:\/\/www.iesabadinobhi.com\/wp-content\/uploads\/2026\/03\/korrika_2026_08_thumb-800x500.jpg 800w, https:\/\/www.iesabadinobhi.com\/wp-content\/uploads\/2026\/03\/korrika_2026_08_thumb-400x250.jpg 400w\" sizes=\"auto, (max-width: 800px) 100vw, 800px\" \/><\/a>\n<h3 class=\"pt-cv-title\"><a href=\"https:\/\/www.iesabadinobhi.com\/es\/korrika-txikia-en-el-instituto-abadino-euskara-gara\/\" class=\"_self\" target=\"_self\" >KORRIKA TXIKIA EN EL INSTITUTO ABADI\u00d1O. EUSKARA GARA!<\/a><\/h3>\n<div class=\"pt-cv-content\">Nuestro instituto Abadi\u00f1o disfrut\u00f3 de una preciosa ma\u00f1ana en la Korrika Txikia. Fuimos desde Matiena &#8230;<br \/><div class=\"pt-cv-rmwrap\"><a href=\"https:\/\/www.iesabadinobhi.com\/es\/korrika-txikia-en-el-instituto-abadino-euskara-gara\/\" class=\"_self pt-cv-readmore btn btn-success\" target=\"_self\">Leer m\u00e1s \u00bb<\/a><\/div><\/div>\n<div class=\"pt-cv-meta-fields\"><span class=\"entry-date\"> <time datetime=\"2026-03-30T09:58:16+02:00\">30 de marzo de 2026<\/time><\/span><\/div><\/div><\/div>\n<div class=\"col-md-4 col-sm-6 col-xs-12 pt-cv-content-item pt-cv-1-col\" ><div class='pt-cv-ifield'><a href=\"https:\/\/www.iesabadinobhi.com\/es\/entrega-de-premios-de-las-olimpiadas-filosoficas\/\" class=\"_self pt-cv-href-thumbnail pt-cv-thumb-default\" target=\"_self\" ><img loading=\"lazy\" decoding=\"async\" width=\"800\" height=\"500\" src=\"https:\/\/www.iesabadinobhi.com\/wp-content\/uploads\/2026\/03\/olimpiada_filosofica_02-800x500.jpg\" class=\"pt-cv-thumbnail\" alt=\"OLINPIADA FILOSOFIKOEN SARI BANAKETA\" srcset=\"https:\/\/www.iesabadinobhi.com\/wp-content\/uploads\/2026\/03\/olimpiada_filosofica_02-800x500.jpg 800w, https:\/\/www.iesabadinobhi.com\/wp-content\/uploads\/2026\/03\/olimpiada_filosofica_02-400x250.jpg 400w\" sizes=\"auto, (max-width: 800px) 100vw, 800px\" \/><\/a>\n<h3 class=\"pt-cv-title\"><a href=\"https:\/\/www.iesabadinobhi.com\/es\/entrega-de-premios-de-las-olimpiadas-filosoficas\/\" class=\"_self\" target=\"_self\" >ENTREGA DE PREMIOS DE LAS OLIMPIADAS FILOS\u00d3FICAS<\/a><\/h3>\n<div class=\"pt-cv-content\">El 13 de marzo en Vitoria fue la entrega de premios de las Olimpiadas Filos\u00f3ficas &#8230;<br \/><div class=\"pt-cv-rmwrap\"><a href=\"https:\/\/www.iesabadinobhi.com\/es\/entrega-de-premios-de-las-olimpiadas-filosoficas\/\" class=\"_self pt-cv-readmore btn btn-success\" target=\"_self\">Leer m\u00e1s \u00bb<\/a><\/div><\/div>\n<div class=\"pt-cv-meta-fields\"><span class=\"entry-date\"> <time datetime=\"2026-03-17T10:20:09+01:00\">17 de marzo de 2026<\/time><\/span><\/div><\/div><\/div>\n<div class=\"col-md-4 col-sm-6 col-xs-12 pt-cv-content-item pt-cv-1-col\" ><div class='pt-cv-ifield'><a href=\"https:\/\/www.iesabadinobhi.com\/es\/celebracion-del-8-de-marzo\/\" class=\"_self pt-cv-href-thumbnail pt-cv-thumb-default\" target=\"_self\" ><img loading=\"lazy\" decoding=\"async\" width=\"800\" height=\"500\" src=\"https:\/\/www.iesabadinobhi.com\/wp-content\/uploads\/2026\/03\/8m_2026_04-800x500.jpg\" class=\"pt-cv-thumbnail\" alt=\"CELEBRACI\u00d3N DEL 8 DE MARZO\" srcset=\"https:\/\/www.iesabadinobhi.com\/wp-content\/uploads\/2026\/03\/8m_2026_04-800x500.jpg 800w, https:\/\/www.iesabadinobhi.com\/wp-content\/uploads\/2026\/03\/8m_2026_04-400x250.jpg 400w\" sizes=\"auto, (max-width: 800px) 100vw, 800px\" \/><\/a>\n<h3 class=\"pt-cv-title\"><a href=\"https:\/\/www.iesabadinobhi.com\/es\/celebracion-del-8-de-marzo\/\" class=\"_self\" target=\"_self\" >CELEBRACI\u00d3N DEL 8 DE MARZO<\/a><\/h3>\n<div class=\"pt-cv-content\">Para la celebraci\u00f3n del 8 de marzo, el alumnado realiz\u00f3 una cadena de papel llena &#8230;<br \/><div class=\"pt-cv-rmwrap\"><a href=\"https:\/\/www.iesabadinobhi.com\/es\/celebracion-del-8-de-marzo\/\" class=\"_self pt-cv-readmore btn btn-success\" target=\"_self\">Leer m\u00e1s \u00bb<\/a><\/div><\/div>\n<div class=\"pt-cv-meta-fields\"><span class=\"entry-date\"> <time datetime=\"2026-03-10T14:41:27+01:00\">10 de marzo de 2026<\/time><\/span><\/div><\/div><\/div>\n<div class=\"col-md-4 col-sm-6 col-xs-12 pt-cv-content-item pt-cv-1-col\" ><div class='pt-cv-ifield'><a href=\"https:\/\/www.iesabadinobhi.com\/es\/la-historia-de-60-millones-de-anos-en-la-superficie\/\" class=\"_self pt-cv-href-thumbnail pt-cv-thumb-default\" target=\"_self\" ><img loading=\"lazy\" decoding=\"async\" width=\"640\" height=\"480\" src=\"https:\/\/www.iesabadinobhi.com\/wp-content\/uploads\/2026\/03\/flysch_01.jpeg\" class=\"pt-cv-thumbnail\" alt=\"Adituek diote Euskal Herriko flysch-a (\u201cirristatu\u201d edo \u201cjariatu\u201d, alemanieraz) mirari geologiko bat dela. Izan ere, Pirinioetako mendilerroaren sorrerarekin batera tolestu eta azaleratu zen egitura honetan duela 110-55 milioi urte arteko gertakarien inguruko informazioa dago gordeta, hala nola, itsas-mailaren gorabeherak, klima-aldaketak, ardatz magnetikoaren aldaketak, garai hartako izaki bizidunen aztarnak (fosilak) etabar.\nMartxoaren 5ean Abadi\u00f1o BHI-ko DBH 1. mailako ikaslegoak Zumaiako flysch-a eta Algorriko marearteko ekosistema ezagutu genituen, Algorri interpretazio-zentroko langileen bisita gidatuaren laguntzarekin. Marearteko ekosistemaren ezaugarri nagusiak (hala nola, babestutako gunearen garrantzia eta etengabeko itsas-mailaren aldaketak) eta bertako aniztasun biologikoa aztertu zituzten ikasleek.\" srcset=\"https:\/\/www.iesabadinobhi.com\/wp-content\/uploads\/2026\/03\/flysch_01.jpeg 640w, https:\/\/www.iesabadinobhi.com\/wp-content\/uploads\/2026\/03\/flysch_01-500x375.jpeg 500w, https:\/\/www.iesabadinobhi.com\/wp-content\/uploads\/2026\/03\/flysch_01-150x113.jpeg 150w\" sizes=\"auto, (max-width: 640px) 100vw, 640px\" \/><\/a>\n<h3 class=\"pt-cv-title\"><a href=\"https:\/\/www.iesabadinobhi.com\/es\/la-historia-de-60-millones-de-anos-en-la-superficie\/\" class=\"_self\" target=\"_self\" >LA HISTORIA DE 60 MILLONES DE A\u00d1OS EN LA SUPERFICIE<\/a><\/h3>\n<div class=\"pt-cv-content\">Los expertos dicen que el flysch (&#8220;deslizarse&#8221; o &#8220;fluir&#8221;, en alem\u00e1n) de Euskal Herria es &#8230;<br \/><div class=\"pt-cv-rmwrap\"><a href=\"https:\/\/www.iesabadinobhi.com\/es\/la-historia-de-60-millones-de-anos-en-la-superficie\/\" class=\"_self pt-cv-readmore btn btn-success\" target=\"_self\">Leer m\u00e1s \u00bb<\/a><\/div><\/div>\n<div class=\"pt-cv-meta-fields\"><span class=\"entry-date\"> <time datetime=\"2026-03-09T10:03:39+01:00\">9 de marzo de 2026<\/time><\/span><\/div><\/div><\/div>\n<div class=\"col-md-4 col-sm-6 col-xs-12 pt-cv-content-item pt-cv-1-col\" ><div class='pt-cv-ifield'><a href=\"https:\/\/www.iesabadinobhi.com\/es\/a-dias-senalados-acciones-especiales\/\" class=\"_self pt-cv-href-thumbnail pt-cv-thumb-default\" target=\"_self\" ><img loading=\"lazy\" decoding=\"async\" width=\"640\" height=\"480\" src=\"https:\/\/www.iesabadinobhi.com\/wp-content\/uploads\/2026\/02\/emakume_zientzia_01.jpg\" class=\"pt-cv-thumbnail\" alt=\"EGUN SEINALATUAK, EKINTZA BEREZIEKIN ABERASTUAK\" srcset=\"https:\/\/www.iesabadinobhi.com\/wp-content\/uploads\/2026\/02\/emakume_zientzia_01.jpg 640w, https:\/\/www.iesabadinobhi.com\/wp-content\/uploads\/2026\/02\/emakume_zientzia_01-500x375.jpg 500w, https:\/\/www.iesabadinobhi.com\/wp-content\/uploads\/2026\/02\/emakume_zientzia_01-150x113.jpg 150w\" sizes=\"auto, (max-width: 640px) 100vw, 640px\" \/><\/a>\n<h3 class=\"pt-cv-title\"><a href=\"https:\/\/www.iesabadinobhi.com\/es\/a-dias-senalados-acciones-especiales\/\" class=\"_self\" target=\"_self\" >A D\u00cdAS SE\u00d1ALADOS, ACCIONES ESPECIALES<\/a><\/h3>\n<div class=\"pt-cv-content\">La ciencia es una forma espec\u00edfica de entender e interpretar el mundo y lo que &#8230;<br \/><div class=\"pt-cv-rmwrap\"><a href=\"https:\/\/www.iesabadinobhi.com\/es\/a-dias-senalados-acciones-especiales\/\" class=\"_self pt-cv-readmore btn btn-success\" target=\"_self\">Leer m\u00e1s \u00bb<\/a><\/div><\/div>\n<div class=\"pt-cv-meta-fields\"><span class=\"entry-date\"> <time datetime=\"2026-02-12T11:53:42+01:00\">12 de febrero de 2026<\/time><\/span><\/div><\/div><\/div>\n<div class=\"col-md-4 col-sm-6 col-xs-12 pt-cv-content-item pt-cv-1-col\" ><div class='pt-cv-ifield'><a href=\"https:\/\/www.iesabadinobhi.com\/es\/puesta-en-marcha-de-un-servicio-de-coeducacion-desde-el-ayuntamiento\/\" class=\"_self pt-cv-href-thumbnail pt-cv-thumb-default\" target=\"_self\" ><img loading=\"lazy\" decoding=\"async\" width=\"800\" height=\"500\" src=\"https:\/\/www.iesabadinobhi.com\/wp-content\/uploads\/2026\/02\/coeducacion_2026_thumb_4-800x500.jpg\" class=\"pt-cv-thumbnail\" alt=\"\" srcset=\"https:\/\/www.iesabadinobhi.com\/wp-content\/uploads\/2026\/02\/coeducacion_2026_thumb_4-800x500.jpg 800w, https:\/\/www.iesabadinobhi.com\/wp-content\/uploads\/2026\/02\/coeducacion_2026_thumb_4-400x250.jpg 400w\" sizes=\"auto, (max-width: 800px) 100vw, 800px\" \/><\/a>\n<h3 class=\"pt-cv-title\"><a href=\"https:\/\/www.iesabadinobhi.com\/es\/puesta-en-marcha-de-un-servicio-de-coeducacion-desde-el-ayuntamiento\/\" class=\"_self\" target=\"_self\" >PUESTA EN MARCHA DE UN SERVICIO DE COEDUCACI\u00d3N DESDE EL AYUNTAMIENTO<\/a><\/h3>\n<div class=\"pt-cv-content\">Horario: los lunes de 17:00 a 19:00h. Desde el 9 de febrero.\u00a0\u00bfPara qui\u00e9n?\u00a0Para adolescentes y &#8230;<br \/><div class=\"pt-cv-rmwrap\"><a href=\"https:\/\/www.iesabadinobhi.com\/es\/puesta-en-marcha-de-un-servicio-de-coeducacion-desde-el-ayuntamiento\/\" class=\"_self pt-cv-readmore btn btn-success\" target=\"_self\">Leer m\u00e1s \u00bb<\/a><\/div><\/div>\n<div class=\"pt-cv-meta-fields\"><span class=\"entry-date\"> <time datetime=\"2026-02-09T11:48:30+01:00\">9 de febrero de 2026<\/time><\/span><\/div><\/div><\/div>\n<div class=\"col-md-4 col-sm-6 col-xs-12 pt-cv-content-item pt-cv-1-col\" ><div class='pt-cv-ifield'><a href=\"https:\/\/www.iesabadinobhi.com\/es\/puesta-en-marcha-del-servicio-de-enfermeria-del-ambulatorio-de-matiena\/\" class=\"_self pt-cv-href-thumbnail pt-cv-thumb-default\" target=\"_self\" ><img loading=\"lazy\" decoding=\"async\" width=\"800\" height=\"500\" src=\"https:\/\/www.iesabadinobhi.com\/wp-content\/uploads\/2026\/02\/GAZTE_KONTSULTA_thumb_2-800x500.jpg\" class=\"pt-cv-thumbnail\" alt=\"\" srcset=\"https:\/\/www.iesabadinobhi.com\/wp-content\/uploads\/2026\/02\/GAZTE_KONTSULTA_thumb_2-800x500.jpg 800w, https:\/\/www.iesabadinobhi.com\/wp-content\/uploads\/2026\/02\/GAZTE_KONTSULTA_thumb_2-400x250.jpg 400w\" sizes=\"auto, (max-width: 800px) 100vw, 800px\" \/><\/a>\n<h3 class=\"pt-cv-title\"><a href=\"https:\/\/www.iesabadinobhi.com\/es\/puesta-en-marcha-del-servicio-de-enfermeria-del-ambulatorio-de-matiena\/\" class=\"_self\" target=\"_self\" >INICIO DEL SERVICIO DE ENFERMER\u00cdA DEL AMBULATORIO DE MATIENA<\/a><\/h3>\n<div class=\"pt-cv-content\">A partir del 9 de febrero, la enfermer\u00eda del ambulatorio de Matiena pondr\u00e1 un servicio\u00a0 &#8230;<br \/><div class=\"pt-cv-rmwrap\"><a href=\"https:\/\/www.iesabadinobhi.com\/es\/puesta-en-marcha-del-servicio-de-enfermeria-del-ambulatorio-de-matiena\/\" class=\"_self pt-cv-readmore btn btn-success\" target=\"_self\">Leer m\u00e1s \u00bb<\/a><\/div><\/div>\n<div class=\"pt-cv-meta-fields\"><span class=\"entry-date\"> <time datetime=\"2026-02-09T10:11:53+01:00\">9 de febrero de 2026<\/time><\/span><\/div><\/div><\/div>\n<div class=\"col-md-4 col-sm-6 col-xs-12 pt-cv-content-item pt-cv-1-col\" ><div class='pt-cv-ifield'><a href=\"https:\/\/www.iesabadinobhi.com\/es\/video-reportaje-de-la-revista-educativa-argia-grabado-en-nuestro-centro\/\" class=\"_self pt-cv-href-thumbnail pt-cv-thumb-default\" target=\"_self\" ><img loading=\"lazy\" decoding=\"async\" width=\"800\" height=\"500\" src=\"https:\/\/www.iesabadinobhi.com\/wp-content\/uploads\/2026\/01\/ikusi_eta_ikasi-800x500.jpg\" class=\"pt-cv-thumbnail\" alt=\"\" srcset=\"https:\/\/www.iesabadinobhi.com\/wp-content\/uploads\/2026\/01\/ikusi_eta_ikasi-800x500.jpg 800w, https:\/\/www.iesabadinobhi.com\/wp-content\/uploads\/2026\/01\/ikusi_eta_ikasi-400x250.jpg 400w\" sizes=\"auto, (max-width: 800px) 100vw, 800px\" \/><\/a>\n<h3 class=\"pt-cv-title\"><a href=\"https:\/\/www.iesabadinobhi.com\/es\/video-reportaje-de-la-revista-educativa-argia-grabado-en-nuestro-centro\/\" class=\"_self\" target=\"_self\" >VIDEO-REPORTAJE DE LA REVISTA EDUCATIVA ARGIA GRABADO EN NUESTRO CENTRO<\/a><\/h3>\n<div class=\"pt-cv-content\">Desde el Instituto de Abadi\u00f1o, liderago por el equipo BAT, seguimos implementando servicios para el &#8230;<br \/><div class=\"pt-cv-rmwrap\"><a href=\"https:\/\/www.iesabadinobhi.com\/es\/video-reportaje-de-la-revista-educativa-argia-grabado-en-nuestro-centro\/\" class=\"_self pt-cv-readmore btn btn-success\" target=\"_self\">Leer m\u00e1s \u00bb<\/a><\/div><\/div>\n<div class=\"pt-cv-meta-fields\"><span class=\"entry-date\"> <time datetime=\"2026-02-06T15:01:03+01:00\">6 de febrero de 2026<\/time><\/span><\/div><\/div><\/div>\n<div class=\"col-md-4 col-sm-6 col-xs-12 pt-cv-content-item pt-cv-1-col\" ><div class='pt-cv-ifield'><a href=\"https:\/\/www.iesabadinobhi.com\/es\/ayuda-para-san-blas-y-viaje-de-estudios-2\/\" class=\"_self pt-cv-href-thumbnail pt-cv-thumb-default\" target=\"_self\" ><img loading=\"lazy\" decoding=\"async\" width=\"800\" height=\"500\" src=\"https:\/\/www.iesabadinobhi.com\/wp-content\/uploads\/2026\/02\/tipico_de_san_blas_light-800x500.jpg\" class=\"pt-cv-thumbnail\" alt=\"\" srcset=\"https:\/\/www.iesabadinobhi.com\/wp-content\/uploads\/2026\/02\/tipico_de_san_blas_light-800x500.jpg 800w, https:\/\/www.iesabadinobhi.com\/wp-content\/uploads\/2026\/02\/tipico_de_san_blas_light-400x250.jpg 400w\" sizes=\"auto, (max-width: 800px) 100vw, 800px\" \/><\/a>\n<h3 class=\"pt-cv-title\"><a href=\"https:\/\/www.iesabadinobhi.com\/es\/ayuda-para-san-blas-y-viaje-de-estudios-2\/\" class=\"_self\" target=\"_self\" >AYUDA PARA SAN BLAS Y VIAJE DE ESTUDIOS<\/a><\/h3>\n<div class=\"pt-cv-content\">El martes, 3 de febrero, nuestro alumnado de 4\u00ba de la ESO tendr\u00e1 dos puntos &#8230;<br \/><div class=\"pt-cv-rmwrap\"><a href=\"https:\/\/www.iesabadinobhi.com\/es\/ayuda-para-san-blas-y-viaje-de-estudios-2\/\" class=\"_self pt-cv-readmore btn btn-success\" target=\"_self\">Leer m\u00e1s \u00bb<\/a><\/div><\/div>\n<div class=\"pt-cv-meta-fields\"><span class=\"entry-date\"> <time datetime=\"2026-02-01T10:50:00+01:00\">1 de febrero de 2026<\/time><\/span><\/div><\/div><\/div>\n<div class=\"col-md-4 col-sm-6 col-xs-12 pt-cv-content-item pt-cv-1-col\" ><div class='pt-cv-ifield'><a href=\"https:\/\/www.iesabadinobhi.com\/es\/el-10-de-octubre-la-etb-1-conecto-en-directo-con-nuestro-instituto-para-hablar-sobre-el-programa-ziur\/\" class=\"_self pt-cv-href-thumbnail pt-cv-thumb-default\" target=\"_self\" ><img loading=\"lazy\" decoding=\"async\" width=\"800\" height=\"500\" src=\"https:\/\/www.iesabadinobhi.com\/wp-content\/uploads\/2026\/02\/captura_entrevista_etb1_ojos_abiertos_light-800x500.jpg\" class=\"pt-cv-thumbnail\" alt=\"\" srcset=\"https:\/\/www.iesabadinobhi.com\/wp-content\/uploads\/2026\/02\/captura_entrevista_etb1_ojos_abiertos_light-800x500.jpg 800w, https:\/\/www.iesabadinobhi.com\/wp-content\/uploads\/2026\/02\/captura_entrevista_etb1_ojos_abiertos_light-400x250.jpg 400w\" sizes=\"auto, (max-width: 800px) 100vw, 800px\" \/><\/a>\n<h3 class=\"pt-cv-title\"><a href=\"https:\/\/www.iesabadinobhi.com\/es\/el-10-de-octubre-la-etb-1-conecto-en-directo-con-nuestro-instituto-para-hablar-sobre-el-programa-ziur\/\" class=\"_self\" target=\"_self\" >CONEXI\u00d3N EN DIRECTO DE ETB-1 CON NUESTRO INSTITUTO PARA HABLAR SOBRE EL PROGRAMA ZIUR<\/a><\/h3>\n<div class=\"pt-cv-content\">El 10 de octubre la ETB-1 conect\u00f3 en directo con nuestro instituto. Siendo el d\u00eda &#8230;<br \/><div class=\"pt-cv-rmwrap\"><a href=\"https:\/\/www.iesabadinobhi.com\/es\/el-10-de-octubre-la-etb-1-conecto-en-directo-con-nuestro-instituto-para-hablar-sobre-el-programa-ziur\/\" class=\"_self pt-cv-readmore btn btn-success\" target=\"_self\">Leer m\u00e1s \u00bb<\/a><\/div><\/div>\n<div class=\"pt-cv-meta-fields\"><span class=\"entry-date\"> <time datetime=\"2026-01-14T10:15:04+01:00\">14 de enero de 2026<\/time><\/span><\/div><\/div><\/div><\/div><\/div>\n<div class=\" pt-cv-pagination-wrapper\"><ul class=\"pt-cv-pagination pt-cv-ajax pagination\" data-totalpages=\"10\" data-currentpage=\"1\" data-sid=\"fa5ec4e45l\" data-unid=\"\" data-isblock=\"\" data-postid=\"\"><li class=\"active\"><a href=\"#\">1<\/a><\/li>\n\t<li ><a class=\"\" href=\"https:\/\/www.iesabadinobhi.com\/es\/wp-json\/wp\/v2\/pages\/8759\/?_page=2\">2<\/a><\/li>\n\t<li ><a class=\"\" href=\"https:\/\/www.iesabadinobhi.com\/es\/wp-json\/wp\/v2\/pages\/8759\/?_page=3\">3<\/a><\/li>\n\t<li ><a href=\"#\">&hellip;<\/a><\/li>\n\t<li ><a class=\"\" href=\"https:\/\/www.iesabadinobhi.com\/es\/wp-json\/wp\/v2\/pages\/8759\/?_page=10\">10<\/a><\/li>\n\t<li ><a class=\" \" href=\"https:\/\/www.iesabadinobhi.com\/es\/wp-json\/wp\/v2\/pages\/8759\/?_page=2\">&rsaquo;<\/a><\/li>\n\t<\/ul><img loading=\"lazy\" decoding=\"async\" width=\"15\" height=\"15\" class=\"pt-cv-spinner\" alt=\"Cargando...\" src=\"data:image\/gif;base64,R0lGODlhDwAPALMPAMrKygwMDJOTkz09PZWVla+vr3p6euTk5M7OzuXl5TMzMwAAAJmZmWZmZszMzP\/\/\/yH\/C05FVFNDQVBFMi4wAwEAAAAh+QQFCgAPACwAAAAADwAPAAAEQvDJaZaZOIcV8iQK8VRX4iTYoAwZ4iCYoAjZ4RxejhVNoT+mRGP4cyF4Pp0N98sBGIBMEMOotl6YZ3S61Bmbkm4mAgAh+QQFCgAPACwAAAAADQANAAAENPDJSRSZeA418itN8QiK8BiLITVsFiyBBIoYqnoewAD4xPw9iY4XLGYSjkQR4UAUD45DLwIAIfkEBQoADwAsAAAAAA8ACQAABC\/wyVlamTi3nSdgwFNdhEJgTJoNyoB9ISYoQmdjiZPcj7EYCAeCF1gEDo4Dz2eIAAAh+QQFCgAPACwCAAAADQANAAAEM\/DJBxiYeLKdX3IJZT1FU0iIg2RNKx3OkZVnZ98ToRD4MyiDnkAh6BkNC0MvsAj0kMpHBAAh+QQFCgAPACwGAAAACQAPAAAEMDC59KpFDll73HkAA2wVY5KgiK5b0RRoI6MuzG6EQqCDMlSGheEhUAgqgUUAFRySIgAh+QQFCgAPACwCAAIADQANAAAEM\/DJKZNLND\/kkKaHc3xk+QAMYDKsiaqmZCxGVjSFFCxB1vwy2oOgIDxuucxAMTAJFAJNBAAh+QQFCgAPACwAAAYADwAJAAAEMNAs86q1yaWwwv2Ig0jUZx3OYa4XoRAfwADXoAwfo1+CIjyFRuEho60aSNYlOPxEAAAh+QQFCgAPACwAAAIADQANAAAENPA9s4y8+IUVcqaWJ4qEQozSoAzoIyhCK2NFU2SJk0hNnyEOhKR2AzAAj4Pj4GE4W0bkJQIAOw==\" \/><div class=\"clear pt-cv-clear-pagination\"><\/div><\/div><\/div><\/p><\/div>\n\t\t\t\t<\/div>\n\t\t\t\t<\/div>\n\t\t\t\t\t\t<\/div>\n\t\t\t\t\t<\/div>\n\t\t<\/div>\n\t\t\t\t\t\t\t\t<\/div>\n\t\t\t\t\t<\/div>\n\t\t<\/section>\n\t\t\t\t\t\t<\/div>\n\t\t\t\t\t\t<\/div>\n\t\t\t\t\t<\/div>\n\t\t","protected":false},"excerpt":{"rendered":"","protected":false},"author":1,"featured_media":0,"parent":0,"menu_order":0,"comment_status":"closed","ping_status":"closed","template":"template-fullwidth.php","meta":{"_acf_changed":false,"footnotes":""},"class_list":["post-8759","page","type-page","status-publish","hentry","odd"],"acf":[],"yoast_head":"<!-- This site is optimized with the Yoast SEO plugin v27.4 - https:\/\/yoast.com\/product\/yoast-seo-wordpress\/ -->\n<title>Noticias - Abadi\u00f1oko Institutua - Instituto de Abadi\u00f1o<\/title>\n<meta name=\"robots\" content=\"index, follow, max-snippet:-1, max-image-preview:large, max-video-preview:-1\" \/>\n<link rel=\"canonical\" href=\"https:\/\/www.iesabadinobhi.com\/es\/actualidad\/\" \/>\n<meta property=\"og:locale\" content=\"es_ES\" \/>\n<meta property=\"og:type\" content=\"article\" \/>\n<meta property=\"og:title\" content=\"Noticias - Abadi\u00f1oko Institutua - Instituto de Abadi\u00f1o\" \/>\n<meta property=\"og:url\" content=\"https:\/\/www.iesabadinobhi.com\/es\/actualidad\/\" \/>\n<meta property=\"og:site_name\" content=\"Abadi\u00f1oko Institutua - Instituto de Abadi\u00f1o\" \/>\n<meta property=\"article:modified_time\" content=\"2021-06-21T09:27:07+00:00\" \/>\n<meta property=\"og:image\" content=\"https:\/\/www.iesabadinobhi.com\/wp-content\/uploads\/2024\/08\/imagen_yoast.jpg\" \/>\n\t<meta property=\"og:image:width\" content=\"1200\" \/>\n\t<meta property=\"og:image:height\" content=\"675\" \/>\n\t<meta property=\"og:image:type\" content=\"image\/jpeg\" \/>\n<meta name=\"twitter:card\" content=\"summary_large_image\" \/>\n<script type=\"application\/ld+json\" class=\"yoast-schema-graph\">{\"@context\":\"https:\\\/\\\/schema.org\",\"@graph\":[{\"@type\":\"WebPage\",\"@id\":\"https:\\\/\\\/www.iesabadinobhi.com\\\/es\\\/actualidad\\\/\",\"url\":\"https:\\\/\\\/www.iesabadinobhi.com\\\/es\\\/actualidad\\\/\",\"name\":\"Noticias - Abadi\u00f1oko Institutua - Instituto de Abadi\u00f1o\",\"isPartOf\":{\"@id\":\"https:\\\/\\\/www.iesabadinobhi.com\\\/#website\"},\"datePublished\":\"2021-06-18T11:26:23+00:00\",\"dateModified\":\"2021-06-21T09:27:07+00:00\",\"breadcrumb\":{\"@id\":\"https:\\\/\\\/www.iesabadinobhi.com\\\/es\\\/actualidad\\\/#breadcrumb\"},\"inLanguage\":\"es\",\"potentialAction\":[{\"@type\":\"ReadAction\",\"target\":[\"https:\\\/\\\/www.iesabadinobhi.com\\\/es\\\/actualidad\\\/\"]}]},{\"@type\":\"BreadcrumbList\",\"@id\":\"https:\\\/\\\/www.iesabadinobhi.com\\\/es\\\/actualidad\\\/#breadcrumb\",\"itemListElement\":[{\"@type\":\"ListItem\",\"position\":1,\"name\":\"Portada\",\"item\":\"https:\\\/\\\/www.iesabadinobhi.com\\\/es\\\/\"},{\"@type\":\"ListItem\",\"position\":2,\"name\":\"Noticias\"}]},{\"@type\":\"WebSite\",\"@id\":\"https:\\\/\\\/www.iesabadinobhi.com\\\/#website\",\"url\":\"https:\\\/\\\/www.iesabadinobhi.com\\\/\",\"name\":\"Abadi\u00f1oko Institutua - Instituto de Abadi\u00f1o\",\"description\":\"Centro p\u00fablico de modelo D para alumnos\\\/as de 12 a 16 a\u00f1os.\",\"publisher\":{\"@id\":\"https:\\\/\\\/www.iesabadinobhi.com\\\/#organization\"},\"potentialAction\":[{\"@type\":\"SearchAction\",\"target\":{\"@type\":\"EntryPoint\",\"urlTemplate\":\"https:\\\/\\\/www.iesabadinobhi.com\\\/?s={search_term_string}\"},\"query-input\":{\"@type\":\"PropertyValueSpecification\",\"valueRequired\":true,\"valueName\":\"search_term_string\"}}],\"inLanguage\":\"es\"},{\"@type\":\"Organization\",\"@id\":\"https:\\\/\\\/www.iesabadinobhi.com\\\/#organization\",\"name\":\"Abadi\u00f1oko Institutua - Instituto de Abadi\u00f1o\",\"url\":\"https:\\\/\\\/www.iesabadinobhi.com\\\/\",\"logo\":{\"@type\":\"ImageObject\",\"inLanguage\":\"es\",\"@id\":\"https:\\\/\\\/www.iesabadinobhi.com\\\/#\\\/schema\\\/logo\\\/image\\\/\",\"url\":\"https:\\\/\\\/www.iesabadinobhi.com\\\/wp-content\\\/uploads\\\/2022\\\/01\\\/logo_abadino_web_25-1.jpg\",\"contentUrl\":\"https:\\\/\\\/www.iesabadinobhi.com\\\/wp-content\\\/uploads\\\/2022\\\/01\\\/logo_abadino_web_25-1.jpg\",\"width\":246,\"height\":234,\"caption\":\"Abadi\u00f1oko Institutua - Instituto de Abadi\u00f1o\"},\"image\":{\"@id\":\"https:\\\/\\\/www.iesabadinobhi.com\\\/#\\\/schema\\\/logo\\\/image\\\/\"},\"sameAs\":[\"https:\\\/\\\/www.youtube.com\\\/channel\\\/UChFI9DF_PiIsiqzblGEpD6Q\"]}]}<\/script>\n<!-- \/ Yoast SEO plugin. -->","yoast_head_json":{"title":"Noticias - Abadi\u00f1oko Institutua - Instituto de Abadi\u00f1o","robots":{"index":"index","follow":"follow","max-snippet":"max-snippet:-1","max-image-preview":"max-image-preview:large","max-video-preview":"max-video-preview:-1"},"canonical":"https:\/\/www.iesabadinobhi.com\/es\/actualidad\/","og_locale":"es_ES","og_type":"article","og_title":"Noticias - Abadi\u00f1oko Institutua - Instituto de Abadi\u00f1o","og_url":"https:\/\/www.iesabadinobhi.com\/es\/actualidad\/","og_site_name":"Abadi\u00f1oko Institutua - Instituto de Abadi\u00f1o","article_modified_time":"2021-06-21T09:27:07+00:00","og_image":[{"width":1200,"height":675,"url":"https:\/\/www.iesabadinobhi.com\/wp-content\/uploads\/2024\/08\/imagen_yoast.jpg","type":"image\/jpeg"}],"twitter_card":"summary_large_image","schema":{"@context":"https:\/\/schema.org","@graph":[{"@type":"WebPage","@id":"https:\/\/www.iesabadinobhi.com\/es\/actualidad\/","url":"https:\/\/www.iesabadinobhi.com\/es\/actualidad\/","name":"Noticias - Abadi\u00f1oko Institutua - Instituto de Abadi\u00f1o","isPartOf":{"@id":"https:\/\/www.iesabadinobhi.com\/#website"},"datePublished":"2021-06-18T11:26:23+00:00","dateModified":"2021-06-21T09:27:07+00:00","breadcrumb":{"@id":"https:\/\/www.iesabadinobhi.com\/es\/actualidad\/#breadcrumb"},"inLanguage":"es","potentialAction":[{"@type":"ReadAction","target":["https:\/\/www.iesabadinobhi.com\/es\/actualidad\/"]}]},{"@type":"BreadcrumbList","@id":"https:\/\/www.iesabadinobhi.com\/es\/actualidad\/#breadcrumb","itemListElement":[{"@type":"ListItem","position":1,"name":"Portada","item":"https:\/\/www.iesabadinobhi.com\/es\/"},{"@type":"ListItem","position":2,"name":"Noticias"}]},{"@type":"WebSite","@id":"https:\/\/www.iesabadinobhi.com\/#website","url":"https:\/\/www.iesabadinobhi.com\/","name":"Abadi\u00f1oko Institutua - Instituto de Abadi\u00f1o","description":"Centro p\u00fablico de modelo D para alumnos\/as de 12 a 16 a\u00f1os.","publisher":{"@id":"https:\/\/www.iesabadinobhi.com\/#organization"},"potentialAction":[{"@type":"SearchAction","target":{"@type":"EntryPoint","urlTemplate":"https:\/\/www.iesabadinobhi.com\/?s={search_term_string}"},"query-input":{"@type":"PropertyValueSpecification","valueRequired":true,"valueName":"search_term_string"}}],"inLanguage":"es"},{"@type":"Organization","@id":"https:\/\/www.iesabadinobhi.com\/#organization","name":"Abadi\u00f1oko Institutua - Instituto de Abadi\u00f1o","url":"https:\/\/www.iesabadinobhi.com\/","logo":{"@type":"ImageObject","inLanguage":"es","@id":"https:\/\/www.iesabadinobhi.com\/#\/schema\/logo\/image\/","url":"https:\/\/www.iesabadinobhi.com\/wp-content\/uploads\/2022\/01\/logo_abadino_web_25-1.jpg","contentUrl":"https:\/\/www.iesabadinobhi.com\/wp-content\/uploads\/2022\/01\/logo_abadino_web_25-1.jpg","width":246,"height":234,"caption":"Abadi\u00f1oko Institutua - Instituto de Abadi\u00f1o"},"image":{"@id":"https:\/\/www.iesabadinobhi.com\/#\/schema\/logo\/image\/"},"sameAs":["https:\/\/www.youtube.com\/channel\/UChFI9DF_PiIsiqzblGEpD6Q"]}]}},"_links":{"self":[{"href":"https:\/\/www.iesabadinobhi.com\/es\/wp-json\/wp\/v2\/pages\/8759","targetHints":{"allow":["GET"]}}],"collection":[{"href":"https:\/\/www.iesabadinobhi.com\/es\/wp-json\/wp\/v2\/pages"}],"about":[{"href":"https:\/\/www.iesabadinobhi.com\/es\/wp-json\/wp\/v2\/types\/page"}],"author":[{"embeddable":true,"href":"https:\/\/www.iesabadinobhi.com\/es\/wp-json\/wp\/v2\/users\/1"}],"replies":[{"embeddable":true,"href":"https:\/\/www.iesabadinobhi.com\/es\/wp-json\/wp\/v2\/comments?post=8759"}],"version-history":[{"count":30,"href":"https:\/\/www.iesabadinobhi.com\/es\/wp-json\/wp\/v2\/pages\/8759\/revisions"}],"predecessor-version":[{"id":8868,"href":"https:\/\/www.iesabadinobhi.com\/es\/wp-json\/wp\/v2\/pages\/8759\/revisions\/8868"}],"wp:attachment":[{"href":"https:\/\/www.iesabadinobhi.com\/es\/wp-json\/wp\/v2\/media?parent=8759"}],"curies":[{"name":"wp","href":"https:\/\/api.w.org\/{rel}","templated":true}]}}