  {"version":"1.0","provider_name":"Abadi\u00f1oko Institutua - Instituto de Abadi\u00f1o","provider_url":"https:\/\/www.iesabadinobhi.com\/es\/","title":"EXPOSICI\u00d3N DE EXPRESI\u00d3N ART\u00cdSTICA - Abadi\u00f1oko Institutua - Instituto de Abadi\u00f1o","type":"rich","width":600,"height":338,"html":"<blockquote class=\"wp-embedded-content\" data-secret=\"XMQn40m8oq\"><a href=\"https:\/\/www.iesabadinobhi.com\/es\/exposicion-de-expresion-artistica\/\">EXPOSICI\u00d3N DE EXPRESI\u00d3N ART\u00cdSTICA<\/a><\/blockquote><iframe sandbox=\"allow-scripts\" security=\"restricted\" src=\"https:\/\/www.iesabadinobhi.com\/es\/exposicion-de-expresion-artistica\/embed\/#?secret=XMQn40m8oq\" width=\"600\" height=\"338\" title=\"\u00abEXPOSICI\u00d3N DE EXPRESI\u00d3N ART\u00cdSTICA\u00bb \u2014 Abadi\u00f1oko Institutua - Instituto de Abadi\u00f1o\" data-secret=\"XMQn40m8oq\" frameborder=\"0\" marginwidth=\"0\" marginheight=\"0\" scrolling=\"no\" class=\"wp-embedded-content\"><\/iframe><script type=\"text\/javascript\">\n\/* <![CDATA[ *\/\n\/*! This file is auto-generated *\/\n!function(d,l){\"use strict\";l.querySelector&&d.addEventListener&&\"undefined\"!=typeof URL&&(d.wp=d.wp||{},d.wp.receiveEmbedMessage||(d.wp.receiveEmbedMessage=function(e){var t=e.data;if((t||t.secret||t.message||t.value)&&!\/[^a-zA-Z0-9]\/.test(t.secret)){for(var s,r,n,a=l.querySelectorAll('iframe[data-secret=\"'+t.secret+'\"]'),o=l.querySelectorAll('blockquote[data-secret=\"'+t.secret+'\"]'),c=new RegExp(\"^https?:$\",\"i\"),i=0;i<o.length;i++)o[i].style.display=\"none\";for(i=0;i<a.length;i++)s=a[i],e.source===s.contentWindow&&(s.removeAttribute(\"style\"),\"height\"===t.message?(1e3<(r=parseInt(t.value,10))?r=1e3:~~r<200&&(r=200),s.height=r):\"link\"===t.message&&(r=new URL(s.getAttribute(\"src\")),n=new URL(t.value),c.test(n.protocol))&&n.host===r.host&&l.activeElement===s&&(d.top.location.href=t.value))}},d.addEventListener(\"message\",d.wp.receiveEmbedMessage,!1),l.addEventListener(\"DOMContentLoaded\",function(){for(var e,t,s=l.querySelectorAll(\"iframe.wp-embedded-content\"),r=0;r<s.length;r++)(t=(e=s[r]).getAttribute(\"data-secret\"))||(t=Math.random().toString(36).substring(2,12),e.src+=\"#?secret=\"+t,e.setAttribute(\"data-secret\",t)),e.contentWindow.postMessage({message:\"ready\",secret:t},\"*\")},!1)))}(window,document);\n\/\/# sourceURL=https:\/\/www.iesabadinobhi.com\/wp-includes\/js\/wp-embed.min.js\n\/* ]]> *\/\n<\/script>\n","thumbnail_url":"https:\/\/www.iesabadinobhi.com\/wp-content\/uploads\/2024\/01\/social_dilema_noticia_thumb_2.jpg","thumbnail_width":1918,"thumbnail_height":1241,"description":"En estos d\u00edas los alumnos de 4\u00ba de la ESO de expresi\u00f3n art\u00edstica han organizado una exposici\u00f3n en diferentes espacios de nuestro instituto. El trabajo est\u00e1 relacionado con las redes sociales, la digitalizaci\u00f3n, la identidad digital y la repercusi\u00f3n que tiene su uso. Os pasamos el link para que podais&nbsp;&hellip;"}